{"id":5289,"date":"2026-02-12T14:56:11","date_gmt":"2026-02-12T13:56:11","guid":{"rendered":"https:\/\/vitis-wine.com\/?post_type=product&#038;p=5289"},"modified":"2026-02-21T13:30:40","modified_gmt":"2026-02-21T12:30:40","slug":"heredias-touriga-franca-2021","status":"publish","type":"product","link":"https:\/\/vitis-wine.com\/?product=heredias-touriga-franca-2021","title":{"rendered":"HER\u00c9DIAS TOURIGA FRANCA 2021"},"content":{"rendered":"<p><strong>Fiche Technique : HER\u00c9DIAS TOURIGA FRANCA 2021<\/strong><br \/>\n<strong>Type de vin<\/strong> : Vin rouge SEC<br \/>\n<strong>Appellation<\/strong> : DOURO DOC- Portugal<br \/>\n<strong>C\u00e9pages<\/strong> : Touriga Franca 100% (mono-c\u00e9page)<br \/>\n<strong>Mill\u00e9sime<\/strong> : 2021<br \/>\n<strong>Alcool<\/strong> : 12,5% vol<br \/>\n<strong>Acidit\u00e9 totale<\/strong> : 5,7 g\/L \u00a0 \u00a0 \u00a0 \u00a0 \u00a0 <strong>pH<\/strong> : 3,8<br \/>\n<strong>Contenance<\/strong>: 75 cl<\/p>\n<p><strong><a href=\"https:\/\/i0.wp.com\/vitis-wine.com\/wp-content\/uploads\/2026\/02\/IMG_7677-e1770845956790.png?ssl=1\"><img data-recalc-dims=\"1\" decoding=\"async\" class=\"alignleft wp-image-5282\" src=\"https:\/\/i0.wp.com\/vitis-wine.com\/wp-content\/uploads\/2026\/02\/IMG_7677-e1770845956790-170x300.png?resize=22%2C39&#038;ssl=1\" alt=\"\" width=\"22\" height=\"39\" srcset=\"https:\/\/i0.wp.com\/vitis-wine.com\/wp-content\/uploads\/2026\/02\/IMG_7677-e1770845956790.png?resize=170%2C300&amp;ssl=1 170w, https:\/\/i0.wp.com\/vitis-wine.com\/wp-content\/uploads\/2026\/02\/IMG_7677-e1770845956790.png?w=192&amp;ssl=1 192w\" sizes=\"(max-width: 22px) 100vw, 22px\" \/><\/a> <\/strong><\/p>\n<p><strong> LE DOMAINE ET LE VIN<\/strong><\/p>\n<p>Ce vin provient de la Quinta das Her\u00e9dias, sur la rive droite du fleuve T\u00e1vora. Les vignes, certaines \u00e2g\u00e9es de plus de 100 ans, sont plant\u00e9es sur des sols schisteux et granitiques, \u00e0 une altitude variant de 250 \u00e0 470 m\u00e8tres. Le climat est caract\u00e9ris\u00e9 par des \u00e9t\u00e9s chauds et une faible pluviom\u00e9trie annuelle, conditions id\u00e9ales pour une maturation optimale des raisins.<\/p>\n<p>Ce terroir conf\u00e8re au vin sa fra\u00eecheur, sa vivacit\u00e9 et la puret\u00e9 de son expression vari\u00e9tale.<\/p>\n<p><strong><img data-recalc-dims=\"1\" decoding=\"async\" class=\"alignleft wp-image-5294\" src=\"https:\/\/i0.wp.com\/vitis-wine.com\/wp-content\/uploads\/2026\/02\/IMG_7680-e1770903876145-130x300.png?resize=18%2C42&#038;ssl=1\" alt=\"\" width=\"18\" height=\"42\" srcset=\"https:\/\/i0.wp.com\/vitis-wine.com\/wp-content\/uploads\/2026\/02\/IMG_7680-e1770903876145.png?resize=130%2C300&amp;ssl=1 130w, https:\/\/i0.wp.com\/vitis-wine.com\/wp-content\/uploads\/2026\/02\/IMG_7680-e1770903876145.png?w=195&amp;ssl=1 195w\" sizes=\"(max-width: 18px) 100vw, 18px\" \/><\/strong><\/p>\n<p><strong> D\u00c9GUSTATION<\/strong><\/p>\n<p style=\"text-align: left;\">Couleur violet profond avec des reflets intenses, signe de jeunesse et de richesse en anthocyanes, caract\u00e9ristiques d\u2019un vin issu de Touriga Franca bien m\u00fbrie.<\/p>\n<p>Style\u00a0: La puret\u00e9 vari\u00e9tale et le terroir du Douro, avec un \u00e9quilibre entre fruit, fra\u00eecheur et structure, adapt\u00e9 \u00e0 une d\u00e9gustation d\u00e8s maintenant mais pouvant se conserver quelques ann\u00e9es pour gagner en rondeur.<\/p>\n<p><img data-recalc-dims=\"1\" decoding=\"async\" class=\"alignleft wp-image-5276\" src=\"https:\/\/i0.wp.com\/vitis-wine.com\/wp-content\/uploads\/2026\/02\/IMG_7668.jpeg?resize=22%2C31&#038;ssl=1\" alt=\"\" width=\"22\" height=\"31\" srcset=\"https:\/\/i0.wp.com\/vitis-wine.com\/wp-content\/uploads\/2026\/02\/IMG_7668.jpeg?resize=216%2C300&amp;ssl=1 216w, https:\/\/i0.wp.com\/vitis-wine.com\/wp-content\/uploads\/2026\/02\/IMG_7668.jpeg?w=348&amp;ssl=1 348w\" sizes=\"(max-width: 22px) 100vw, 22px\" \/><strong> POTENTIEL DE GARDE<\/strong>\u00a0: 5 \u00e0 7 ans.<\/p>\n<p>\u00c0 d\u00e9guster d\u00e8s maintenant.<\/p>\n<p><img data-recalc-dims=\"1\" loading=\"lazy\" decoding=\"async\" class=\"alignleft wp-image-5277\" src=\"https:\/\/i0.wp.com\/vitis-wine.com\/wp-content\/uploads\/2026\/02\/IMG_7670.jpeg?resize=15%2C47&#038;ssl=1\" alt=\"\" width=\"15\" height=\"47\" srcset=\"https:\/\/i0.wp.com\/vitis-wine.com\/wp-content\/uploads\/2026\/02\/IMG_7670.jpeg?resize=96%2C300&amp;ssl=1 96w, https:\/\/i0.wp.com\/vitis-wine.com\/wp-content\/uploads\/2026\/02\/IMG_7670.jpeg?w=97&amp;ssl=1 97w\" sizes=\"(max-width: 15px) 100vw, 15px\" \/><strong> CONSEILS DE D\u00c9GUSTATION<\/strong><\/p>\n<p>Temp\u00e9rature de service : entre 16\u00ba et 18\u00b0C<\/p>\n","protected":false},"excerpt":{"rendered":"<p style=\"font-weight: 400;\">Le <strong><b>HER\u00c9DIAS Touriga Franca 2021<\/b><\/strong>\u00a0est un vin rouge portugais typique du Douro, une des plus anciennes r\u00e9gions viticoles du Portugal et du monde.<\/p>\n<p style=\"font-weight: 400;\"><strong><b>Touriga Franca<\/b><\/strong>, c\u00e9page embl\u00e9matique du Douro, r\u00e9put\u00e9 pour son \u00e9l\u00e9gance, sa fra\u00eecheur et sa grande expression aromatique sur sols de schiste expos\u00e9s \u00e0 de fortes amplitudes thermiques.<\/p>\n","protected":false},"featured_media":5483,"comment_status":"open","ping_status":"closed","template":"","meta":[],"product_brand":[155],"product_cat":[58,42,59],"product_tag":[142],"class_list":["post-5289","product","type-product","status-publish","has-post-thumbnail","product_brand-vp00015","product_cat-mono-cepage","product_cat-vin-portugais","product_cat-vin-rouge","product_tag-douro-portugal","entry","has-media","first","instock","taxable","shipping-taxable","purchasable","product-type-simple","add-to-wishlist-before_image","col","span_1_of_3","wvn-content-left","wvn-thumbs-layout-horizontal","wvn-btn-normal","wvn-tabs-layout-horizontal","circle-sale"],"jetpack_sharing_enabled":true,"_links":{"self":[{"href":"https:\/\/vitis-wine.com\/index.php?rest_route=\/wp\/v2\/product\/5289","targetHints":{"allow":["GET"]}}],"collection":[{"href":"https:\/\/vitis-wine.com\/index.php?rest_route=\/wp\/v2\/product"}],"about":[{"href":"https:\/\/vitis-wine.com\/index.php?rest_route=\/wp\/v2\/types\/product"}],"replies":[{"embeddable":true,"href":"https:\/\/vitis-wine.com\/index.php?rest_route=%2Fwp%2Fv2%2Fcomments&post=5289"}],"version-history":[{"count":14,"href":"https:\/\/vitis-wine.com\/index.php?rest_route=\/wp\/v2\/product\/5289\/revisions"}],"predecessor-version":[{"id":5451,"href":"https:\/\/vitis-wine.com\/index.php?rest_route=\/wp\/v2\/product\/5289\/revisions\/5451"}],"wp:featuredmedia":[{"embeddable":true,"href":"https:\/\/vitis-wine.com\/index.php?rest_route=\/wp\/v2\/media\/5483"}],"wp:attachment":[{"href":"https:\/\/vitis-wine.com\/index.php?rest_route=%2Fwp%2Fv2%2Fmedia&parent=5289"}],"wp:term":[{"taxonomy":"product_brand","embeddable":true,"href":"https:\/\/vitis-wine.com\/index.php?rest_route=%2Fwp%2Fv2%2Fproduct_brand&post=5289"},{"taxonomy":"product_cat","embeddable":true,"href":"https:\/\/vitis-wine.com\/index.php?rest_route=%2Fwp%2Fv2%2Fproduct_cat&post=5289"},{"taxonomy":"product_tag","embeddable":true,"href":"https:\/\/vitis-wine.com\/index.php?rest_route=%2Fwp%2Fv2%2Fproduct_tag&post=5289"}],"curies":[{"name":"wp","href":"https:\/\/api.w.org\/{rel}","templated":true}]}}