{"id":5326,"date":"2026-02-12T16:45:18","date_gmt":"2026-02-12T15:45:18","guid":{"rendered":"https:\/\/vitis-wine.com\/?post_type=product&#038;p=5326"},"modified":"2026-02-16T16:44:17","modified_gmt":"2026-02-16T15:44:17","slug":"heredias-bl-2023","status":"publish","type":"product","link":"https:\/\/vitis-wine.com\/?product=heredias-bl-2023","title":{"rendered":"HER\u00c9DIAS BL 2023"},"content":{"rendered":"<p><strong>Fiche Technique : HER\u00c9DIAS BL 2023<\/strong><br \/>\n<strong>Type de vin<\/strong> : Vin blanc SEC<br \/>\n<strong>Appellation<\/strong> : DOURO DOC- Portugal<br \/>\n<strong>C\u00e9pages<\/strong> : Viosinho, Rabigato, Gouveio, Arinto<br \/>\n<strong>Mill\u00e9sime<\/strong> : 2023<br \/>\n<strong>Alcool<\/strong> : 12,5% vol<br \/>\n<strong>Acidit\u00e9 totale<\/strong> : 5,8 g\/L \u00a0 \u00a0 \u00a0pH : 3,2<br \/>\n<strong>Contenance <\/strong>: 75 cl<\/p>\n<p><strong><img data-recalc-dims=\"1\" decoding=\"async\" class=\"alignleft wp-image-5282\" src=\"https:\/\/i0.wp.com\/vitis-wine.com\/wp-content\/uploads\/2026\/02\/IMG_7677-e1770845956790-170x300.png?resize=25%2C44&#038;ssl=1\" alt=\"\" width=\"25\" height=\"44\" srcset=\"https:\/\/i0.wp.com\/vitis-wine.com\/wp-content\/uploads\/2026\/02\/IMG_7677-e1770845956790.png?resize=170%2C300&amp;ssl=1 170w, https:\/\/i0.wp.com\/vitis-wine.com\/wp-content\/uploads\/2026\/02\/IMG_7677-e1770845956790.png?w=192&amp;ssl=1 192w\" sizes=\"(max-width: 25px) 100vw, 25px\" \/> LE DOMAINE ET LE VIN<\/strong><\/p>\n<p>Ce vin provient de la Quinta das Her\u00e9dias, sur la rive droite du fleuve T\u00e1vora. Les vignes, certaines \u00e2g\u00e9es de plus de 100 ans, sont plant\u00e9es sur des sols schisteux et granitiques, \u00e0 une altitude variant de 250 \u00e0 470 m\u00e8tres. Le climat est caract\u00e9ris\u00e9 par des \u00e9t\u00e9s chauds et une faible pluviom\u00e9trie annuelle, conditions id\u00e9ales pour une maturation optimale des raisins.<\/p>\n<p>Ce terroir conf\u00e8re au vin sa fra\u00eecheur, sa vivacit\u00e9 et la puret\u00e9 de son expression vari\u00e9tale.<\/p>\n<p><strong><img data-recalc-dims=\"1\" decoding=\"async\" class=\"alignleft wp-image-5294\" src=\"https:\/\/i0.wp.com\/vitis-wine.com\/wp-content\/uploads\/2026\/02\/IMG_7680-e1770903876145-130x300.png?resize=20%2C46&#038;ssl=1\" alt=\"\" width=\"20\" height=\"46\" srcset=\"https:\/\/i0.wp.com\/vitis-wine.com\/wp-content\/uploads\/2026\/02\/IMG_7680-e1770903876145.png?resize=130%2C300&amp;ssl=1 130w, https:\/\/i0.wp.com\/vitis-wine.com\/wp-content\/uploads\/2026\/02\/IMG_7680-e1770903876145.png?w=195&amp;ssl=1 195w\" sizes=\"(max-width: 20px) 100vw, 20px\" \/> D\u00c9GUSTATION<\/strong><\/p>\n<p>Vin jeune et complexe, avec une structure \u00e9l\u00e9gante, une acidit\u00e9 bien marqu\u00e9e.<\/p>\n<p><strong>Viticulture<\/strong> : Vignobles \u00e2g\u00e9s de 20 \u00e0 30 ans.<br \/>\n\u00c9levage : Environ 15\u202f% du vin est \u00e9lev\u00e9 en f\u00fbts de ch\u00eane fran\u00e7ais pendant 6 mois, ce qui lui conf\u00e8re une complexit\u00e9 suppl\u00e9mentaire.<\/p>\n<p><strong>Style<\/strong>\u00a0: frais, expressif et bien \u00e9quilibr\u00e9.<\/p>\n<p><strong><img data-recalc-dims=\"1\" decoding=\"async\" class=\"alignleft wp-image-5276\" src=\"https:\/\/i0.wp.com\/vitis-wine.com\/wp-content\/uploads\/2026\/02\/IMG_7668.jpeg?resize=25%2C35&#038;ssl=1\" alt=\"\" width=\"25\" height=\"35\" srcset=\"https:\/\/i0.wp.com\/vitis-wine.com\/wp-content\/uploads\/2026\/02\/IMG_7668.jpeg?resize=216%2C300&amp;ssl=1 216w, https:\/\/i0.wp.com\/vitis-wine.com\/wp-content\/uploads\/2026\/02\/IMG_7668.jpeg?w=348&amp;ssl=1 348w\" sizes=\"(max-width: 25px) 100vw, 25px\" \/> POTENTIEL DE GARDE<\/strong>\u00a0: 2 \u00e0 4 ans.<\/p>\n<p>\u00c0 d\u00e9guster d\u00e8s maintenant.<\/p>\n<p><strong><img data-recalc-dims=\"1\" loading=\"lazy\" decoding=\"async\" class=\"alignleft wp-image-5277\" src=\"https:\/\/i0.wp.com\/vitis-wine.com\/wp-content\/uploads\/2026\/02\/IMG_7670.jpeg?resize=15%2C47&#038;ssl=1\" alt=\"\" width=\"15\" height=\"47\" srcset=\"https:\/\/i0.wp.com\/vitis-wine.com\/wp-content\/uploads\/2026\/02\/IMG_7670.jpeg?resize=96%2C300&amp;ssl=1 96w, https:\/\/i0.wp.com\/vitis-wine.com\/wp-content\/uploads\/2026\/02\/IMG_7670.jpeg?w=97&amp;ssl=1 97w\" sizes=\"(max-width: 15px) 100vw, 15px\" \/> CONSEILS DE D\u00c9GUSTATION<\/strong><\/p>\n<p>Temp\u00e9rature de service : entre 10\u00ba et 12\u00b0C<\/p>\n","protected":false},"excerpt":{"rendered":"<p style=\"font-weight: 400;\">Le <strong><b>HER\u00c9DIAS 2023<\/b><\/strong>\u00a0est un vin blanc portugais issu d\u2019un assemblage typique du Douro, une des plus anciennes r\u00e9gions viticoles du Portugal et du monde.<\/p>\n<p style=\"font-weight: 400;\">Ce vin est \u00e9labor\u00e9 \u00e0 partir de c\u00e9pages autochtones, et refl\u00e8te le style moderne du Douro\u00a0: concentr\u00e9, expressif, mais toujours frais et gastronomique.<\/p>\n","protected":false},"featured_media":5431,"comment_status":"open","ping_status":"closed","template":"","meta":[],"product_brand":[161],"product_cat":[61,42],"product_tag":[142],"class_list":["post-5326","product","type-product","status-publish","has-post-thumbnail","product_brand-vp00014","product_cat-vin-blanc","product_cat-vin-portugais","product_tag-douro-portugal","entry","has-media","first","instock","taxable","shipping-taxable","purchasable","product-type-simple","add-to-wishlist-before_image","col","span_1_of_3","wvn-content-left","wvn-thumbs-layout-horizontal","wvn-btn-normal","wvn-tabs-layout-horizontal","circle-sale"],"jetpack_sharing_enabled":true,"_links":{"self":[{"href":"https:\/\/vitis-wine.com\/index.php?rest_route=\/wp\/v2\/product\/5326","targetHints":{"allow":["GET"]}}],"collection":[{"href":"https:\/\/vitis-wine.com\/index.php?rest_route=\/wp\/v2\/product"}],"about":[{"href":"https:\/\/vitis-wine.com\/index.php?rest_route=\/wp\/v2\/types\/product"}],"replies":[{"embeddable":true,"href":"https:\/\/vitis-wine.com\/index.php?rest_route=%2Fwp%2Fv2%2Fcomments&post=5326"}],"version-history":[{"count":3,"href":"https:\/\/vitis-wine.com\/index.php?rest_route=\/wp\/v2\/product\/5326\/revisions"}],"predecessor-version":[{"id":5444,"href":"https:\/\/vitis-wine.com\/index.php?rest_route=\/wp\/v2\/product\/5326\/revisions\/5444"}],"wp:featuredmedia":[{"embeddable":true,"href":"https:\/\/vitis-wine.com\/index.php?rest_route=\/wp\/v2\/media\/5431"}],"wp:attachment":[{"href":"https:\/\/vitis-wine.com\/index.php?rest_route=%2Fwp%2Fv2%2Fmedia&parent=5326"}],"wp:term":[{"taxonomy":"product_brand","embeddable":true,"href":"https:\/\/vitis-wine.com\/index.php?rest_route=%2Fwp%2Fv2%2Fproduct_brand&post=5326"},{"taxonomy":"product_cat","embeddable":true,"href":"https:\/\/vitis-wine.com\/index.php?rest_route=%2Fwp%2Fv2%2Fproduct_cat&post=5326"},{"taxonomy":"product_tag","embeddable":true,"href":"https:\/\/vitis-wine.com\/index.php?rest_route=%2Fwp%2Fv2%2Fproduct_tag&post=5326"}],"curies":[{"name":"wp","href":"https:\/\/api.w.org\/{rel}","templated":true}]}}